{"id":77982,"date":"2026-03-27T12:37:03","date_gmt":"2026-03-27T12:37:03","guid":{"rendered":"https:\/\/miminhosritacatita.com\/?post_type=product&#038;p=77982"},"modified":"2026-03-27T12:46:02","modified_gmt":"2026-03-27T12:46:02","slug":"lembranca-comunhao-vela-delicada","status":"publish","type":"product","link":"https:\/\/miminhosritacatita.com\/pt\/comunhao\/lembrancas-de-comunhao\/lembranca-comunhao-vela-delicada\/","title":{"rendered":"Lembran\u00e7a Comunh\u00e3o Vela Delicada"},"content":{"rendered":"<h1>Lembran\u00e7a Comunh\u00e3o Vela Delicada<\/h1>\n<p>Lembran\u00e7a Comunh\u00e3o Vela Delicada<\/p>\n<p>Abrimos um caminho sem precedentes quando pensamos na nossa festa de sonho, porque todos os detalhes contam quando o objetivo \u00e9 espalhar amor pelo ar com Lembran\u00e7a Crisma Elegante e Delicada. Na Miminhos Rita Catita, temos uma confiss\u00e3o para fazer: somos fan\u00e1ticos por detalhes. Mais ainda por <strong>Lembran\u00e7as<\/strong>: s\u00e3o elas que guardam a promessa de uma celebra\u00e7\u00e3o inesquec\u00edvel!<\/p>\n<p>Entendemos que o ambiente festivo merece que a imagina\u00e7\u00e3o corra livre. Por isso, as Lembran\u00e7as Profiss\u00e3o F\u00e9 Marcador Livro s\u00e3o sempre criativos. As op\u00e7\u00f5es s\u00e3o diversas\u2026 O limite \u00e9 a imagina\u00e7\u00e3o. Como imagina as suas?<\/p>\n<p>Dispomos, nas nossas lojas, de v\u00e1rias <strong>Lembran\u00e7as<\/strong>\u2013 desde as comest\u00edveis at\u00e9 \u00e0s mais funcionais. E, garantimos, todas nos merecem a mesma aten\u00e7\u00e3o ao pormenor e carinho.<\/p>\n<h2>Lembran\u00e7a Comunh\u00e3o Vela Delicada<\/h2>\n<p>Contudo precisa de lembran\u00e7as de Comunh\u00e3o e n\u00e3o sabe o que escolher? Pois bem, na Miminhos Rita Catita encontrar\u00e1 a oferta ideal. Para al\u00e9m do que mostramos tamb\u00e9m pode dizer-nos qual a sua ideia e n\u00f3s executamos. Nos artigos que apresentamos \u00e9 poss\u00edvel fazermos altera\u00e7\u00f5es \u00e1s cores e personalizar a gosto, contudo contacte-nos sempre primeiro para confirmar essa possibilidade.<\/p>\n<ul>\n<li>Na Miminhos Rita Catita entendemos que o m\u00e9rito pela escolha \u00e9 seu, mas que o compromisso \u00e9 nosso. E, por isso, desenvolvemos produtos personalizados e ajustados \u00e0s necessidades de cada cliente, cumprindo sempre a promessa de qualidade, excel\u00eancia e profissionalismo.<\/li>\n<\/ul>\n<p>Portanto encontre na Loja Online da Miminhos Rita Catita a resposta para todos os pormenores que tornar\u00e3o a sua festa de Comunh\u00e3o \u00fanica: Convites, <strong>Lembran\u00e7as<\/strong>, Lembran\u00e7as especiais para padrinhos e para av\u00f3s, Livros de Honra, Placards, Ementas, Marcadores de Mesa, Cestas de Lembran\u00e7as, argolas de guardanapo. Mas tamb\u00e9m Caixas para guardar prendas em dinheiro, talheres e flutes personalizados Topos de Bolo e o Lembran\u00e7a Comunh\u00e3o Andorinha Gesso.<\/p>\n<ul>\n<li><strong>Lembran\u00e7as de Comunh\u00e3o, Lembran\u00e7as de Crisma, Lembran\u00e7as Comunh\u00e3o Solene<\/strong>, <strong>Lembran\u00e7as de Profiss\u00e3o de f\u00e9, Lembran\u00e7as de Comunh\u00e3o Originais, Lembran\u00e7as de Comunh\u00e3o Solene Originais<\/strong><\/li>\n<\/ul>\n<p>Tamb\u00e9m dispomos de insufl\u00e1vel e escorrega para alugar. Portanto, Pe\u00e7a-nos or\u00e7amento indicando o dia do evento e se deseja levantar e entregar em loja ou se pretende a nossa desloca\u00e7\u00e3o ao local do evento para montagem e desmontagem.<\/p>\n<p><strong>Veja Tamb\u00e9m: <a href=\"https:\/\/miminhosritacatita.com\/categoria-produto\/comunhoes\/convites-de-comunhao\/\">Convites de Comunh\u00e3o<\/a><\/strong><\/p>\n<p><strong>Visite o Nosso <a href=\"https:\/\/www.instagram.com\/miminhos.rita.catita\/\" target=\"_blank\" rel=\"noopener\">Instagram<\/a><\/strong><\/p>\n","protected":false},"excerpt":{"rendered":"<p>Lembran\u00e7a Comunh\u00e3o Vela Delicada<\/p>\n<p>Dimens\u00e3o da Caixa: 5 x 6,5cm<\/p>\n<p>Para altera\u00e7\u00f5es \u00e0 cor da fita, indique nas notas, depois de finalizar a encomenda.<\/p>\n<p>&nbsp;<\/p>\n<p>&nbsp;<\/p>\n","protected":false},"featured_media":77971,"template":"","meta":[],"product_brand":[],"product_cat":[1028],"product_tag":[],"class_list":{"0":"post-77982","1":"product","2":"type-product","3":"status-publish","4":"has-post-thumbnail","6":"product_cat-lembrancas-de-comunhao","8":"first","9":"instock","10":"taxable","11":"shipping-taxable","12":"purchasable","13":"product-type-simple"},"_links":{"self":[{"href":"https:\/\/miminhosritacatita.com\/pt\/wp-json\/wp\/v2\/product\/77982","targetHints":{"allow":["GET"]}}],"collection":[{"href":"https:\/\/miminhosritacatita.com\/pt\/wp-json\/wp\/v2\/product"}],"about":[{"href":"https:\/\/miminhosritacatita.com\/pt\/wp-json\/wp\/v2\/types\/product"}],"wp:featuredmedia":[{"embeddable":true,"href":"https:\/\/miminhosritacatita.com\/pt\/wp-json\/wp\/v2\/media\/77971"}],"wp:attachment":[{"href":"https:\/\/miminhosritacatita.com\/pt\/wp-json\/wp\/v2\/media?parent=77982"}],"wp:term":[{"taxonomy":"product_brand","embeddable":true,"href":"https:\/\/miminhosritacatita.com\/pt\/wp-json\/wp\/v2\/product_brand?post=77982"},{"taxonomy":"product_cat","embeddable":true,"href":"https:\/\/miminhosritacatita.com\/pt\/wp-json\/wp\/v2\/product_cat?post=77982"},{"taxonomy":"product_tag","embeddable":true,"href":"https:\/\/miminhosritacatita.com\/pt\/wp-json\/wp\/v2\/product_tag?post=77982"}],"curies":[{"name":"wp","href":"https:\/\/api.w.org\/{rel}","templated":true}]}}