{"id":8,"date":"2016-06-13T07:45:38","date_gmt":"2016-06-13T07:45:38","guid":{"rendered":"http:\/\/assemble.edge-themes.com\/?page_id=8"},"modified":"2026-04-28T18:12:20","modified_gmt":"2026-04-28T18:12:20","slug":"convites-e-lembrancas-de-casamento","status":"publish","type":"page","link":"https:\/\/miminhosritacatita.com\/pt\/","title":{"rendered":"Homepage"},"content":{"rendered":"<div class=\"woocommerce columns-4\"><ul class=\"products columns-4\">\n<li class=\"product-category product first\">\n\t<a aria-label=\"Visitar categoria de produto Agendas\" href=\"https:\/\/miminhosritacatita.com\/pt\/agendas\/\"><img decoding=\"async\" src=\"https:\/\/miminhosritacatita.com\/wp-content\/uploads\/2024\/02\/Agenda-da-noiva-miminhos7IV04630-475x475.jpg\" alt=\"Agendas\" width=\"475\" height=\"475\" srcset=\"https:\/\/miminhosritacatita.com\/wp-content\/uploads\/2024\/02\/Agenda-da-noiva-miminhos7IV04630-475x475.jpg 475w, https:\/\/miminhosritacatita.com\/wp-content\/uploads\/2024\/02\/Agenda-da-noiva-miminhos7IV04630-83x83.jpg 83w\" sizes=\"(max-width: 475px) 100vw, 475px\" \/>\t\t<h2 class=\"woocommerce-loop-category__title\">\n\t\t\tAgendas <mark class=\"count\">(16)<\/mark>\t\t<\/h2>\n\t\t<\/a><\/li>\n<li class=\"product-category product\">\n\t<a aria-label=\"Visitar categoria de produto Baby Shower\" href=\"https:\/\/miminhosritacatita.com\/pt\/baby-shower\/\"><img decoding=\"async\" src=\"https:\/\/miminhosritacatita.com\/wp-content\/uploads\/2026\/02\/Robe-renda-ritacatitaA3_036231-475x475.jpg\" alt=\"Baby Shower\" width=\"475\" height=\"475\" srcset=\"https:\/\/miminhosritacatita.com\/wp-content\/uploads\/2026\/02\/Robe-renda-ritacatitaA3_036231-475x475.jpg 475w, https:\/\/miminhosritacatita.com\/wp-content\/uploads\/2026\/02\/Robe-renda-ritacatitaA3_036231-83x83.jpg 83w\" sizes=\"(max-width: 475px) 100vw, 475px\" \/>\t\t<h2 class=\"woocommerce-loop-category__title\">\n\t\t\tBaby Shower <mark class=\"count\">(11)<\/mark>\t\t<\/h2>\n\t\t<\/a><\/li>\n<li class=\"product-category product\">\n\t<a aria-label=\"Visitar categoria de produto Batizado\" href=\"https:\/\/miminhosritacatita.com\/pt\/batizado\/\"><img decoding=\"async\" src=\"https:\/\/miminhosritacatita.com\/wp-content\/uploads\/2022\/07\/Fato-de-batizado-ritacatita072pek-475x475.jpg\" alt=\"Batizado\" width=\"475\" height=\"475\" srcset=\"https:\/\/miminhosritacatita.com\/wp-content\/uploads\/2022\/07\/Fato-de-batizado-ritacatita072pek-475x475.jpg 475w, https:\/\/miminhosritacatita.com\/wp-content\/uploads\/2022\/07\/Fato-de-batizado-ritacatita072pek-83x83.jpg 83w\" sizes=\"(max-width: 475px) 100vw, 475px\" \/>\t\t<h2 class=\"woocommerce-loop-category__title\">\n\t\t\tBatizado <mark class=\"count\">(808)<\/mark>\t\t<\/h2>\n\t\t<\/a><\/li>\n<li class=\"product-category product last\">\n\t<a aria-label=\"Visitar categoria de produto Bodas\" href=\"https:\/\/miminhosritacatita.com\/pt\/bodas\/\"><img decoding=\"async\" src=\"https:\/\/miminhosritacatita.com\/wp-content\/uploads\/2019\/03\/Lembranca-bodas-ouro-vela-ritacatitaA2_06777-475x475.jpg\" alt=\"Bodas\" width=\"475\" height=\"475\" srcset=\"https:\/\/miminhosritacatita.com\/wp-content\/uploads\/2019\/03\/Lembranca-bodas-ouro-vela-ritacatitaA2_06777-475x475.jpg 475w, https:\/\/miminhosritacatita.com\/wp-content\/uploads\/2019\/03\/Lembranca-bodas-ouro-vela-ritacatitaA2_06777-83x83.jpg 83w\" sizes=\"(max-width: 475px) 100vw, 475px\" \/>\t\t<h2 class=\"woocommerce-loop-category__title\">\n\t\t\tBodas <mark class=\"count\">(106)<\/mark>\t\t<\/h2>\n\t\t<\/a><\/li>\n<li class=\"product-category product first\">\n\t<a aria-label=\"Visitar categoria de produto Casamento\" href=\"https:\/\/miminhosritacatita.com\/pt\/casamento\/\"><img decoding=\"async\" src=\"https:\/\/miminhosritacatita.com\/wp-content\/uploads\/2026\/02\/IMG_9706-scaled-e1777390021691-475x475.jpg\" alt=\"Casamento\" width=\"475\" height=\"475\" srcset=\"https:\/\/miminhosritacatita.com\/wp-content\/uploads\/2026\/02\/IMG_9706-scaled-e1777390021691-475x475.jpg 475w, https:\/\/miminhosritacatita.com\/wp-content\/uploads\/2026\/02\/IMG_9706-scaled-e1777390021691-1536x1536.jpg 1536w, https:\/\/miminhosritacatita.com\/wp-content\/uploads\/2026\/02\/IMG_9706-scaled-e1777390021691-83x83.jpg 83w, https:\/\/miminhosritacatita.com\/wp-content\/uploads\/2026\/02\/IMG_9706-scaled-e1777390021691-700x700.jpg 700w, https:\/\/miminhosritacatita.com\/wp-content\/uploads\/2026\/02\/IMG_9706-scaled-e1777390021691-12x12.jpg 12w, https:\/\/miminhosritacatita.com\/wp-content\/uploads\/2026\/02\/IMG_9706-scaled-e1777390021691.jpg 1707w\" sizes=\"(max-width: 475px) 100vw, 475px\" \/>\t\t<h2 class=\"woocommerce-loop-category__title\">\n\t\t\tCasamento <mark class=\"count\">(1108)<\/mark>\t\t<\/h2>\n\t\t<\/a><\/li>\n<li class=\"product-category product\">\n\t<a aria-label=\"Visitar categoria de produto Cole\u00e7\u00e3o &#039;A Noiva Sou eu&#039;\" href=\"https:\/\/miminhosritacatita.com\/pt\/colecao-a-noiva-sou-eu\/\"><img decoding=\"async\" src=\"https:\/\/miminhosritacatita.com\/wp-content\/uploads\/2023\/06\/Marcador-de-mesa-anoivasoueu-ritacatita7IV07579-475x475.jpg\" alt=\"Cole\u00e7\u00e3o &#039;A Noiva Sou eu&#039;\" width=\"475\" height=\"475\" srcset=\"https:\/\/miminhosritacatita.com\/wp-content\/uploads\/2023\/06\/Marcador-de-mesa-anoivasoueu-ritacatita7IV07579-475x475.jpg 475w, https:\/\/miminhosritacatita.com\/wp-content\/uploads\/2023\/06\/Marcador-de-mesa-anoivasoueu-ritacatita7IV07579-83x83.jpg 83w\" sizes=\"(max-width: 475px) 100vw, 475px\" \/>\t\t<h2 class=\"woocommerce-loop-category__title\">\n\t\t\tCole\u00e7\u00e3o &#039;A Noiva Sou eu&#039; <mark class=\"count\">(35)<\/mark>\t\t<\/h2>\n\t\t<\/a><\/li>\n<li class=\"product-category product\">\n\t<a aria-label=\"Visitar categoria de produto Comunh\u00e3o\" href=\"https:\/\/miminhosritacatita.com\/pt\/comunhao\/\"><img decoding=\"async\" src=\"https:\/\/miminhosritacatita.com\/wp-content\/uploads\/2020\/01\/Topo-bolo-menina-comunhao-ritacatitaA2_06662-475x475.jpg\" alt=\"Comunh\u00e3o\" width=\"475\" height=\"475\" srcset=\"https:\/\/miminhosritacatita.com\/wp-content\/uploads\/2020\/01\/Topo-bolo-menina-comunhao-ritacatitaA2_06662-475x475.jpg 475w, https:\/\/miminhosritacatita.com\/wp-content\/uploads\/2020\/01\/Topo-bolo-menina-comunhao-ritacatitaA2_06662-83x83.jpg 83w\" sizes=\"(max-width: 475px) 100vw, 475px\" \/>\t\t<h2 class=\"woocommerce-loop-category__title\">\n\t\t\tComunh\u00e3o <mark class=\"count\">(138)<\/mark>\t\t<\/h2>\n\t\t<\/a><\/li>\n<li class=\"product-category product last\">\n\t<a aria-label=\"Visitar categoria de produto Presentes Personalizados\" href=\"https:\/\/miminhosritacatita.com\/pt\/presentes-personalizados\/\"><img decoding=\"async\" src=\"https:\/\/miminhosritacatita.com\/wp-content\/uploads\/2021\/01\/A3_08280-475x475.jpg\" alt=\"Presentes Personalizados\" width=\"475\" height=\"475\" srcset=\"https:\/\/miminhosritacatita.com\/wp-content\/uploads\/2021\/01\/A3_08280-475x475.jpg 475w, https:\/\/miminhosritacatita.com\/wp-content\/uploads\/2021\/01\/A3_08280-83x83.jpg 83w\" sizes=\"(max-width: 475px) 100vw, 475px\" \/>\t\t<h2 class=\"woocommerce-loop-category__title\">\n\t\t\tPresentes Personalizados <mark class=\"count\">(504)<\/mark>\t\t<\/h2>\n\t\t<\/a><\/li>\n<\/ul>\n<\/div>\n\n\n\n<h1 class=\"wp-block-heading\">DESCUBRA A EXCEL\u00caNCIA EM CONVITES E LEMBRAN\u00c7AS DE CASAMENTO E MUITO MAIS COM A MIMINHOS<\/h1>\n\n\n\n<p>Na MIMINHOS, somos especialistas em Convites e Lembran\u00e7as de Casamento, mas tamb\u00e9m em Identidade Visual para eventos. Por isso, temos a responsabilidade de tornar cada evento especial com o nosso Estacion\u00e1rio. Como l\u00edderes de mercado no universo do estacion\u00e1rio para eventos, a nossa paix\u00e3o pela cria\u00e7\u00e3o de momentos memor\u00e1veis vai al\u00e9m das fronteiras dos casamentos, estendendo-se a diversas celebra\u00e7\u00f5es, como Bodas de Prata, Bodas de Ouro, Batizado e Comunh\u00e3o.<\/p>\n\n\n\n<h2 class=\"wp-block-heading\"><strong>Convites Personalizados para todas as ocasi\u00f5es:<\/strong><\/h2>\n\n\n\n<p>Portanto, em vez de meros peda\u00e7os de papel, os nossos convites s\u00e3o a primeira impress\u00e3o que os convidados ter\u00e3o do seu casamento.<\/p>\n\n\n\n<p>Reconhecemos a singularidade de cada evento, criamos assim designs personaliz\u00e1veis que v\u00e3o al\u00e9m dos Casamentos, Batizados e Comunh\u00f5es. No entanto, dos cl\u00e1ssicos aos modernos, cada convite \u00e9 uma express\u00e3o de estilo e individualidade.<\/p>\n\n\n\n<h2 class=\"wp-block-heading\"><strong>Lembran\u00e7as que celebram a vida:<\/strong><\/h2>\n\n\n\n<p>Por isso, os nossos Convites e Lembran\u00e7as de Casamento, batizado e comunh\u00e3o v\u00e3o al\u00e9m de simples recorda\u00e7\u00f5es; s\u00e3o testemunhos tang\u00edveis de gratid\u00e3o e amor. Do Batismo \u00e0 Profiss\u00e3o de F\u00e9, os nossos produtos s\u00e3o criados para encantar e cativar. Portanto, com uma abordagem ativa, trabalhamos incansavelmente para criar lembran\u00e7as que refletem a beleza e a singularidade de cada momento especial.<\/p>\n\n\n\n<h2 class=\"wp-block-heading\"><strong>Presentes significativos para todas as esta\u00e7\u00f5es:<\/strong><\/h2>\n\n\n\n<p>Assim, na <strong>MIMINHOS<\/strong>, temos mais do que produtos; oferecemos a ess\u00eancia de celebra\u00e7\u00f5es. Por isso, desde presentes para o Dia da M\u00e3e, Dia do Pai e Dia dos Namorados at\u00e9 lembran\u00e7as memor\u00e1veis para a P\u00e1scoa e presentes personalizados de Natal, cada item \u00e9 criado para tornar cada ocasi\u00e3o especial.<\/p>\n\n\n\n<h3 class=\"wp-block-heading\"><strong>Viva Experi\u00eancias Memor\u00e1veis:<\/strong><\/h3>\n\n\n\n<p>Portanto, ao colaborar de perto com os nossos clientes, somos criadores de experi\u00eancias, criamos momentos que transcendem o comum. O nosso compromisso \u00e9 cont\u00ednuo para superar expectativas, transformamos a vis\u00e3o de cada cliente, em realidade.<\/p>\n\n\n\n<p>Por fim, celebramos ativamente cada momento, criamos assim Convites de Casamento, Lembran\u00e7as de Casamento e outros eventos, assim como presentes que se destacam em cada celebra\u00e7\u00e3o. Por conseguinte, permita-nos ser os criadores das suas experi\u00eancias, onde cada evento \u00e9 um percurso \u00fanico e inesquec\u00edvel.<\/p>\n\n\n\n<p>Aproveite para visitar as nossas redes sociais como o Instagram<\/p>\n\n\n\n<div class=\"wp-block-columns is-layout-flex wp-container-core-columns-is-layout-9d6595d7 wp-block-columns-is-layout-flex\">\n<div class=\"wp-block-column has-background is-layout-flow wp-block-column-is-layout-flow\" style=\"background-color:#ebdbdc;flex-basis:100%\">\n<div class=\"wp-block-columns is-layout-flex wp-container-core-columns-is-layout-9d6595d7 wp-block-columns-is-layout-flex\">\n<div class=\"wp-block-column is-layout-flow wp-block-column-is-layout-flow\">\n<div>\n<img decoding=\"async\" class=\"gb-media-60b16381\" src=\"https:\/\/miminhosritacatita.com\/wp-content\/uploads\/2025\/11\/retificada-nossa-foto-1.jpg\" alt=\"\"\/>\n<\/div>\n<\/div>\n\n\n\n<div class=\"wp-block-column is-layout-flow wp-block-column-is-layout-flow\">\n<p><\/p>\n\n\n\n<p class=\"has-text-align-center\">Fundadores<\/p>\n\n\n\n<p class=\"has-text-align-center\">C\u00e1tia e Ricardo<\/p>\n\n\n\n<p class=\"has-text-align-center\">Na Miminhos Rita Catita, somos movidos pela paix\u00e3o de criar momentos especiais, atrav\u00e9s do design e de produtos personalizados que capturam a ess\u00eancia de cada casal. Sediados em Portugal, levamos o nosso trabalho para todos os cantos do mundo, colocando sempre toda a nossa dedica\u00e7\u00e3o em cada detalhe. A nossa vis\u00e3o une criatividade e exclusividade, garantindo que cada pe\u00e7a seja feita com a mesma aten\u00e7\u00e3o e carinho que damos \u00e0s nossas pr\u00f3prias mem\u00f3rias.<\/p>\n<\/div>\n<\/div>\n<\/div>\n<\/div>\n\n\n\n<div class=\"wp-block-group alignwide\"><div class=\"wp-block-group__inner-container is-layout-constrained wp-block-group-is-layout-constrained\">\n<div class=\"wp-block-group alignwide is-vertical is-content-justification-center is-layout-flex wp-container-core-group-is-layout-4b2eccd6 wp-block-group-is-layout-flex\">\n<div class=\"wp-block-group alignfull\"><div class=\"wp-block-group__inner-container is-layout-constrained wp-block-group-is-layout-constrained\">\n<p class=\"has-text-align-center\">VISTOS EM:<\/p>\n\n\n<div class=\"wp-block-image\">\n<figure class=\"aligncenter size-large\"><img decoding=\"async\" src=\"https:\/\/miminhosritacatita.com\/wp-content\/uploads\/2026\/01\/Featured-para-loja-online-1024x341.png\" alt=\"\" class=\"wp-image-76025\"\/><\/figure>\n<\/div><\/div><\/div>\n<\/div>\n<\/div><\/div>\n\n\n\n<div class=\"wp-block-columns is-layout-flex wp-container-core-columns-is-layout-9d6595d7 wp-block-columns-is-layout-flex\">\n<div class=\"wp-block-column is-layout-flow wp-block-column-is-layout-flow\"><div class=\"wp-block-image is-style-default\">\n<figure class=\"aligncenter size-full\"><a href=\"https:\/\/miminhosritacatita.com\/pt\/agendas\/\"><img decoding=\"async\" width=\"1280\" height=\"1920\" src=\"https:\/\/miminhosritacatita.com\/wp-content\/uploads\/2023\/12\/Agenda-da-noiva-miminhos7IV04627.jpg\" alt=\"Agenda da Noiva personalizada com capa branca e espiral, produzida pela Miminhos Rita Catita\" class=\"wp-image-42938\" style=\"aspect-ratio:1;object-fit:cover\" srcset=\"https:\/\/miminhosritacatita.com\/wp-content\/uploads\/2023\/12\/Agenda-da-noiva-miminhos7IV04627.jpg 1280w, https:\/\/miminhosritacatita.com\/wp-content\/uploads\/2023\/12\/Agenda-da-noiva-miminhos7IV04627-1024x1536.jpg 1024w, https:\/\/miminhosritacatita.com\/wp-content\/uploads\/2023\/12\/Agenda-da-noiva-miminhos7IV04627-700x1050.jpg 700w\" sizes=\"(max-width: 1280px) 100vw, 1280px\" \/><\/a><\/figure>\n<\/div>\n\n\n<h2 class=\"wp-block-heading has-text-align-center\"><a href=\"https:\/\/miminhosritacatita.com\/pt\/agendas\/\">Agendas<\/a><\/h2>\n<\/div>\n\n\n\n<div class=\"wp-block-column is-vertically-aligned-top is-layout-flow wp-block-column-is-layout-flow\"><div class=\"wp-block-image\">\n<figure class=\"aligncenter size-full\"><a href=\"https:\/\/miminhosritacatita.com\/pt\/casamento\/\"><img decoding=\"async\" width=\"1707\" height=\"1707\" src=\"https:\/\/miminhosritacatita.com\/wp-content\/uploads\/2026\/02\/IMG_9706-scaled-e1777390021691.jpg\" alt=\"Casamento\" class=\"wp-image-76555\" srcset=\"https:\/\/miminhosritacatita.com\/wp-content\/uploads\/2026\/02\/IMG_9706-scaled-e1777390021691.jpg 1707w, https:\/\/miminhosritacatita.com\/wp-content\/uploads\/2026\/02\/IMG_9706-scaled-e1777390021691-1536x1536.jpg 1536w, https:\/\/miminhosritacatita.com\/wp-content\/uploads\/2026\/02\/IMG_9706-scaled-e1777390021691-83x83.jpg 83w, https:\/\/miminhosritacatita.com\/wp-content\/uploads\/2026\/02\/IMG_9706-scaled-e1777390021691-475x475.jpg 475w, https:\/\/miminhosritacatita.com\/wp-content\/uploads\/2026\/02\/IMG_9706-scaled-e1777390021691-700x700.jpg 700w, https:\/\/miminhosritacatita.com\/wp-content\/uploads\/2026\/02\/IMG_9706-scaled-e1777390021691-12x12.jpg 12w\" sizes=\"(max-width: 1707px) 100vw, 1707px\" \/><\/a><\/figure>\n<\/div>\n\n\n<h2 class=\"wp-block-heading has-text-align-center\"><a href=\"https:\/\/miminhosritacatita.com\/pt\/casamento\/\">Casamento<\/a><\/h2>\n<\/div>\n\n\n\n<div class=\"wp-block-column is-layout-flow wp-block-column-is-layout-flow\"><div class=\"wp-block-image\">\n<figure class=\"aligncenter size-full\"><a href=\"https:\/\/miminhosritacatita.com\/pt\/colecao-a-noiva-sou-eu\/\"><img decoding=\"async\" width=\"1277\" height=\"1277\" src=\"https:\/\/miminhosritacatita.com\/wp-content\/uploads\/2023\/07\/Marcador-de-mesa-anoivasoueu-ritacatita7IV07579.jpg\" alt=\"Cole\u00e7\u00e3o a noiva sou eu\" class=\"wp-image-41046\" srcset=\"https:\/\/miminhosritacatita.com\/wp-content\/uploads\/2023\/07\/Marcador-de-mesa-anoivasoueu-ritacatita7IV07579.jpg 1277w, https:\/\/miminhosritacatita.com\/wp-content\/uploads\/2023\/07\/Marcador-de-mesa-anoivasoueu-ritacatita7IV07579-83x83.jpg 83w, https:\/\/miminhosritacatita.com\/wp-content\/uploads\/2023\/07\/Marcador-de-mesa-anoivasoueu-ritacatita7IV07579-475x475.jpg 475w, https:\/\/miminhosritacatita.com\/wp-content\/uploads\/2023\/07\/Marcador-de-mesa-anoivasoueu-ritacatita7IV07579-700x700.jpg 700w\" sizes=\"(max-width: 1277px) 100vw, 1277px\" \/><\/a><\/figure>\n<\/div>\n\n\n<h2 class=\"wp-block-heading has-text-align-center\"><a href=\"https:\/\/miminhosritacatita.com\/pt\/colecao-a-noiva-sou-eu\/\">Cole\u00e7\u00e3o                                     &#8216;A Noiva Sou eu&#8217;<\/a><a href=\"https:\/\/miminhosritacatita.com\/pt\/colecao-a-noiva-sou-eu\/convites-casamento-a-noiva-sou-eu\/\"><\/a><\/h2>\n<\/div>\n\n\n\n<div class=\"wp-block-column is-layout-flow wp-block-column-is-layout-flow\"><div class=\"wp-block-image\">\n<figure class=\"aligncenter size-full\"><a href=\"https:\/\/miminhosritacatita.com\/pt\/bodas\/\"><img decoding=\"async\" width=\"1280\" height=\"1280\" src=\"https:\/\/miminhosritacatita.com\/wp-content\/uploads\/2026\/04\/Lembranca-bodas-ouro-vela-ritacatitaA2_06777-edited.jpg\" alt=\"Bodas de Ouro\" class=\"wp-image-78599\" srcset=\"https:\/\/miminhosritacatita.com\/wp-content\/uploads\/2026\/04\/Lembranca-bodas-ouro-vela-ritacatitaA2_06777-edited.jpg 1280w, https:\/\/miminhosritacatita.com\/wp-content\/uploads\/2026\/04\/Lembranca-bodas-ouro-vela-ritacatitaA2_06777-edited-12x12.jpg 12w, https:\/\/miminhosritacatita.com\/wp-content\/uploads\/2026\/04\/Lembranca-bodas-ouro-vela-ritacatitaA2_06777-edited-83x83.jpg 83w, https:\/\/miminhosritacatita.com\/wp-content\/uploads\/2026\/04\/Lembranca-bodas-ouro-vela-ritacatitaA2_06777-edited-475x475.jpg 475w, https:\/\/miminhosritacatita.com\/wp-content\/uploads\/2026\/04\/Lembranca-bodas-ouro-vela-ritacatitaA2_06777-edited-700x700.jpg 700w\" sizes=\"(max-width: 1280px) 100vw, 1280px\" \/><\/a><\/figure>\n<\/div>\n\n\n<h2 class=\"wp-block-heading has-text-align-center\"><a href=\"https:\/\/miminhosritacatita.com\/pt\/bodas\/\">Bodas<\/a><\/h2>\n<\/div>\n<\/div>\n\n\n\n<div class=\"wp-block-columns is-layout-flex wp-container-core-columns-is-layout-9d6595d7 wp-block-columns-is-layout-flex\">\n<div class=\"wp-block-column is-layout-flow wp-block-column-is-layout-flow\"><div class=\"wp-block-image\">\n<figure class=\"aligncenter size-full\"><a href=\"https:\/\/miminhosritacatita.com\/pt\/baby-shower\/\"><img decoding=\"async\" width=\"667\" height=\"1000\" src=\"https:\/\/miminhosritacatita.com\/wp-content\/uploads\/2022\/01\/Robe-renda-ritacatitaA3_03623.jpg\" alt=\"Gr\u00e1vida com robe de renda branco para sess\u00e3o fotogr\u00e1fica de maternidade e baby shower.\" class=\"wp-image-25882\" style=\"aspect-ratio:1;object-fit:cover\"\/><\/a><\/figure>\n<\/div>\n\n\n<h2 class=\"wp-block-heading has-text-align-center\"><a href=\"https:\/\/miminhosritacatita.com\/pt\/baby-shower\/\">Baby Shower<\/a><\/h2>\n<\/div>\n\n\n\n<div class=\"wp-block-column is-layout-flow wp-block-column-is-layout-flow\"><div class=\"wp-block-image\">\n<figure class=\"aligncenter size-full\"><a href=\"https:\/\/miminhosritacatita.com\/pt\/batizado\/\"><img decoding=\"async\" width=\"2362\" height=\"1574\" src=\"https:\/\/miminhosritacatita.com\/wp-content\/uploads\/2022\/07\/Fato-de-batizado-ritacatita072pek.jpg\" alt=\"Conjunto de batizado personalizado, convites personalizados, lembran\u00e7as e caixa de recorda\u00e7\u00f5es.\" class=\"wp-image-31677\" style=\"aspect-ratio:1;object-fit:cover\" srcset=\"https:\/\/miminhosritacatita.com\/wp-content\/uploads\/2022\/07\/Fato-de-batizado-ritacatita072pek.jpg 2362w, https:\/\/miminhosritacatita.com\/wp-content\/uploads\/2022\/07\/Fato-de-batizado-ritacatita072pek-1536x1024.jpg 1536w, https:\/\/miminhosritacatita.com\/wp-content\/uploads\/2022\/07\/Fato-de-batizado-ritacatita072pek-700x466.jpg 700w\" sizes=\"(max-width: 2362px) 100vw, 2362px\" \/><\/a><\/figure>\n<\/div>\n\n\n<h2 class=\"wp-block-heading has-text-align-center\"><a href=\"https:\/\/miminhosritacatita.com\/pt\/batizado\/\">Batizado<\/a><\/h2>\n<\/div>\n\n\n\n<div class=\"wp-block-column is-layout-flow wp-block-column-is-layout-flow\"><div class=\"wp-block-image\">\n<figure class=\"aligncenter size-full\"><a href=\"https:\/\/miminhosritacatita.com\/pt\/comunhao\/\"><img decoding=\"async\" width=\"1920\" height=\"1280\" src=\"https:\/\/miminhosritacatita.com\/wp-content\/uploads\/2020\/01\/Topo-bolo-menina-comunhao-ritacatitaA2_06662.jpg\" alt=\"Convites de comunh\u00e3o com design elegante e lembran\u00e7as personalizadas com detalhes em foil dourado.\" class=\"wp-image-41901\" style=\"aspect-ratio:1;object-fit:cover\" srcset=\"https:\/\/miminhosritacatita.com\/wp-content\/uploads\/2020\/01\/Topo-bolo-menina-comunhao-ritacatitaA2_06662.jpg 1920w, https:\/\/miminhosritacatita.com\/wp-content\/uploads\/2020\/01\/Topo-bolo-menina-comunhao-ritacatitaA2_06662-1536x1024.jpg 1536w, https:\/\/miminhosritacatita.com\/wp-content\/uploads\/2020\/01\/Topo-bolo-menina-comunhao-ritacatitaA2_06662-700x467.jpg 700w\" sizes=\"(max-width: 1920px) 100vw, 1920px\" \/><\/a><\/figure>\n<\/div>\n\n\n<h2 class=\"wp-block-heading has-text-align-center\"><a href=\"https:\/\/miminhosritacatita.com\/pt\/comunhao\/\">Comunh\u00e3o<\/a><\/h2>\n<\/div>\n\n\n\n<div class=\"wp-block-column is-layout-flow wp-block-column-is-layout-flow\"><div class=\"wp-block-image\">\n<figure class=\"aligncenter size-full\"><a href=\"https:\/\/miminhosritacatita.com\/pt\/branding-e-material-corporativo\/\"><img decoding=\"async\" width=\"2000\" height=\"1333\" src=\"https:\/\/miminhosritacatita.com\/wp-content\/uploads\/2026\/04\/Cartao-visita-allma-weddings-miminhosritacatitaA3_00771-1.jpg\" alt=\"Branding e Material Corporativo\" class=\"wp-image-78594\" style=\"aspect-ratio:1;object-fit:cover\" srcset=\"https:\/\/miminhosritacatita.com\/wp-content\/uploads\/2026\/04\/Cartao-visita-allma-weddings-miminhosritacatitaA3_00771-1.jpg 2000w, https:\/\/miminhosritacatita.com\/wp-content\/uploads\/2026\/04\/Cartao-visita-allma-weddings-miminhosritacatitaA3_00771-1-1536x1024.jpg 1536w, https:\/\/miminhosritacatita.com\/wp-content\/uploads\/2026\/04\/Cartao-visita-allma-weddings-miminhosritacatitaA3_00771-1-18x12.jpg 18w, https:\/\/miminhosritacatita.com\/wp-content\/uploads\/2026\/04\/Cartao-visita-allma-weddings-miminhosritacatitaA3_00771-1-700x467.jpg 700w\" sizes=\"(max-width: 2000px) 100vw, 2000px\" \/><\/a><\/figure>\n<\/div>\n\n\n<h2 class=\"wp-block-heading has-text-align-center\"><a href=\"https:\/\/miminhosritacatita.com\/pt\/branding-e-material-corporativo\/\">Branding e Material Corporativo<\/a><\/h2>\n<\/div>\n<\/div>\n\n\n\n<div class=\"wp-block-columns is-layout-flex wp-container-core-columns-is-layout-9d6595d7 wp-block-columns-is-layout-flex\">\n<div class=\"wp-block-column is-layout-flow wp-block-column-is-layout-flow\"><div class=\"wp-block-image\">\n<figure class=\"aligncenter size-full\"><a href=\"https:\/\/miminhosritacatita.com\/pt\/presentes-personalizados\/\"><img decoding=\"async\" width=\"1280\" height=\"1920\" src=\"https:\/\/miminhosritacatita.com\/wp-content\/uploads\/2021\/01\/A3_08280.jpg\" alt=\"Presentes Personalizados\" class=\"wp-image-16024\" style=\"aspect-ratio:1;object-fit:cover\" srcset=\"https:\/\/miminhosritacatita.com\/wp-content\/uploads\/2021\/01\/A3_08280.jpg 1280w, https:\/\/miminhosritacatita.com\/wp-content\/uploads\/2021\/01\/A3_08280-1024x1536.jpg 1024w, https:\/\/miminhosritacatita.com\/wp-content\/uploads\/2021\/01\/A3_08280-700x1050.jpg 700w\" sizes=\"(max-width: 1280px) 100vw, 1280px\" \/><\/a><\/figure>\n<\/div>\n\n\n<h2 class=\"wp-block-heading has-text-align-center\"><a href=\"https:\/\/miminhosritacatita.com\/pt\/presentes-personalizados\/\">Presentes Personalizados<\/a><\/h2>\n<\/div>\n\n\n\n<div class=\"wp-block-column is-layout-flow wp-block-column-is-layout-flow\"><\/div>\n\n\n\n<div class=\"wp-block-column is-layout-flow wp-block-column-is-layout-flow\"><\/div>\n\n\n\n<div class=\"wp-block-column is-layout-flow wp-block-column-is-layout-flow\"><\/div>\n<\/div>\n\n\n\n<p><\/p>\n","protected":false},"excerpt":{"rendered":"<p>DESCUBRA A EXCEL\u00caNCIA EM CONVITES E LEMBRAN\u00c7AS DE CASAMENTO E MUITO MAIS COM A MIMINHOS Na MIMINHOS, somos especialistas em Convites e Lembran\u00e7as de Casamento, mas tamb\u00e9m em Identidade Visual para eventos. Por isso, temos a responsabilidade de tornar cada evento especial com o nosso Estacion\u00e1rio. Como l\u00edderes de mercado no universo do estacion\u00e1rio para &#8230; <a title=\"Homepage\" class=\"read-more\" href=\"https:\/\/miminhosritacatita.com\/pt\/\" aria-label=\"Leia mais sobre Homepage\">Ler mais<\/a><\/p>\n","protected":false},"author":1,"featured_media":76048,"parent":0,"menu_order":0,"comment_status":"closed","ping_status":"closed","template":"","meta":{"footnotes":""},"class_list":["post-8","page","type-page","status-publish","has-post-thumbnail"],"_links":{"self":[{"href":"https:\/\/miminhosritacatita.com\/pt\/wp-json\/wp\/v2\/pages\/8","targetHints":{"allow":["GET"]}}],"collection":[{"href":"https:\/\/miminhosritacatita.com\/pt\/wp-json\/wp\/v2\/pages"}],"about":[{"href":"https:\/\/miminhosritacatita.com\/pt\/wp-json\/wp\/v2\/types\/page"}],"author":[{"embeddable":true,"href":"https:\/\/miminhosritacatita.com\/pt\/wp-json\/wp\/v2\/users\/1"}],"replies":[{"embeddable":true,"href":"https:\/\/miminhosritacatita.com\/pt\/wp-json\/wp\/v2\/comments?post=8"}],"version-history":[{"count":4,"href":"https:\/\/miminhosritacatita.com\/pt\/wp-json\/wp\/v2\/pages\/8\/revisions"}],"predecessor-version":[{"id":78642,"href":"https:\/\/miminhosritacatita.com\/pt\/wp-json\/wp\/v2\/pages\/8\/revisions\/78642"}],"wp:featuredmedia":[{"embeddable":true,"href":"https:\/\/miminhosritacatita.com\/pt\/wp-json\/wp\/v2\/media\/76048"}],"wp:attachment":[{"href":"https:\/\/miminhosritacatita.com\/pt\/wp-json\/wp\/v2\/media?parent=8"}],"curies":[{"name":"wp","href":"https:\/\/api.w.org\/{rel}","templated":true}]}}