{"id":9584,"date":"2019-11-25T16:25:09","date_gmt":"2019-11-25T16:25:09","guid":{"rendered":"https:\/\/miminhosritacatita.com\/?post_type=product&#038;p=9584"},"modified":"2026-03-26T11:22:18","modified_gmt":"2026-03-26T11:22:18","slug":"vela-lembrancas-comunhao-impressa","status":"publish","type":"product","link":"https:\/\/miminhosritacatita.com\/fr\/comunhao\/lembrancas-de-comunhao\/vela-lembrancas-comunhao-impressa\/","title":{"rendered":"Vela Lembran\u00e7as Comunh\u00e3o Impressa"},"content":{"rendered":"<h1>Vela Lembran\u00e7as Comunh\u00e3o Impressa<\/h1>\n<p>Vela Lembran\u00e7as Comunh\u00e3o Impressa<\/p>\n<p>Nous ouvrons une voie sans pr\u00e9c\u00e9dent lorsque nous pensons \u00e0 la f\u00eate de nos r\u00eaves, car chaque d\u00e9tail compte lorsque l'objectif est de r\u00e9pandre l'amour dans l'air. Chez Miminhos Rita Catita, nous avons un aveu \u00e0 faire : nous sommes fanatiques des d\u00e9tails. Encore plus pour les <strong>Souvenirs<\/strong>Ils sont la promesse d'une f\u00eate inoubliable !<\/p>\n<p>Entendemos que o ambiente festivo merece que a imagina\u00e7\u00e3o corra livre. Por isso, as nossas Vela Lembran\u00e7as Comunh\u00e3o Impressa\u00a0s\u00e3o sempre criativas. As op\u00e7\u00f5es s\u00e3o diversas\u2026 O limite \u00e9 a imagina\u00e7\u00e3o. Como imagina as suas?<\/p>\n<p>Dans nos magasins, nous disposons de diff\u00e9rents <strong>Souvenirs<\/strong>- du comestible au plus fonctionnel. Et, nous vous le garantissons, ils m\u00e9ritent tous la m\u00eame attention et le m\u00eame soin.<\/p>\n<h2>Vela Lembran\u00e7as Comunh\u00e3o Impressa<\/h2>\n<p>Precisa de lembran\u00e7as de Comunh\u00e3o e n\u00e3o sabe o que escolher? Pois bem, na Miminhos Rita Catita encontrar\u00e1 a oferta ideal. Para al\u00e9m do que mostramos tamb\u00e9m pode dizer-nos qual a sua ideia e n\u00f3s executamos. Nos artigos que apresentamos \u00e9 poss\u00edvel fazermos altera\u00e7\u00f5es \u00e1s cores e personalizar a gosto, contudo contacte-nos sempre primeiro para confirmar essa possibilidade.<\/p>\n<p>Portanto na Miminhos Rita Catita entendemos que o m\u00e9rito pela escolha \u00e9 seu, mas que o compromisso \u00e9 nosso. E, por isso, desenvolvemos produtos personalizados e ajustados \u00e0s necessidades de cada cliente, cumprindo sempre a promessa de qualidade, excel\u00eancia e profissionalismo.<\/p>\n<ul>\n<li>Contudo encontre na Loja Online da Miminhos Rita Catita a resposta para todos os pormenores que tornar\u00e3o a sua festa de Comunh\u00e3o \u00fanica: Convites, <strong>Souvenirs<\/strong>, Lembran\u00e7as especiais para padrinhos e para av\u00f3s, Livros de Honra, Placards, Ementas, Marcadores de Mesa, Cestas de Lembran\u00e7as, argolas de guardanapo. Mas tamb\u00e9m Caixas para guardar prendas em dinheiro, talheres e flutes personalizados Topos de Bolo e Vela Lembran\u00e7a.<\/li>\n<\/ul>\n<ul>\n<li><strong>Souvenirs de communion, Souvenirs de premi\u00e8re communion, Souvenirs de communion solennelle<\/strong>, <strong>Souvenirs de la profession de foi, Souvenirs de la communion originale, Souvenirs de la communion solennelle originale<\/strong><\/li>\n<\/ul>\n<p>Nous avons \u00e9galement des structures gonflables et des toboggans \u00e0 louer. Demandez-nous un devis en pr\u00e9cisant le jour de l'\u00e9v\u00e9nement et si vous souhaitez que le mat\u00e9riel soit r\u00e9cup\u00e9r\u00e9 et livr\u00e9 dans le magasin ou que nous venions sur place pour le montage et le d\u00e9montage.<\/p>\n<p><strong>Voir aussi : <a href=\"https:\/\/miminhosritacatita.com\/fr\/categorie-produit\/comunhoes\/convites-de-comunhao\/\">Invitations de Communion<\/a><\/strong><\/p>\n<p><strong>Visitez notre <a href=\"https:\/\/www.instagram.com\/miminhos.rita.catita\/\" target=\"_blank\" rel=\"noopener\">Instagram<\/a><\/strong><\/p>","protected":false},"excerpt":{"rendered":"<p>Vela Lembran\u00e7as Comunh\u00e3o Impressa<\/p>\n<p>Para altera\u00e7\u00f5es basta indicar nas &#8220;Notas&#8221;<\/p>\n<p>\u00c9 poss\u00edvel alterar a cor da fita e da impress\u00e3o.<\/p>\n<p>&nbsp;<\/p>","protected":false},"featured_media":77923,"template":"","meta":[],"product_brand":[],"product_cat":[1028],"product_tag":[],"class_list":{"0":"post-9584","1":"product","2":"type-product","3":"status-publish","4":"has-post-thumbnail","6":"product_cat-lembrancas-de-comunhao","8":"first","9":"instock","10":"taxable","11":"shipping-taxable","12":"purchasable","13":"product-type-simple"},"_links":{"self":[{"href":"https:\/\/miminhosritacatita.com\/fr\/wp-json\/wp\/v2\/product\/9584","targetHints":{"allow":["GET"]}}],"collection":[{"href":"https:\/\/miminhosritacatita.com\/fr\/wp-json\/wp\/v2\/product"}],"about":[{"href":"https:\/\/miminhosritacatita.com\/fr\/wp-json\/wp\/v2\/types\/product"}],"wp:featuredmedia":[{"embeddable":true,"href":"https:\/\/miminhosritacatita.com\/fr\/wp-json\/wp\/v2\/media\/77923"}],"wp:attachment":[{"href":"https:\/\/miminhosritacatita.com\/fr\/wp-json\/wp\/v2\/media?parent=9584"}],"wp:term":[{"taxonomy":"product_brand","embeddable":true,"href":"https:\/\/miminhosritacatita.com\/fr\/wp-json\/wp\/v2\/product_brand?post=9584"},{"taxonomy":"product_cat","embeddable":true,"href":"https:\/\/miminhosritacatita.com\/fr\/wp-json\/wp\/v2\/product_cat?post=9584"},{"taxonomy":"product_tag","embeddable":true,"href":"https:\/\/miminhosritacatita.com\/fr\/wp-json\/wp\/v2\/product_tag?post=9584"}],"curies":[{"name":"wp","href":"https:\/\/api.w.org\/{rel}","templated":true}]}}