{"id":16137,"date":"2021-01-29T17:40:41","date_gmt":"2021-01-29T17:40:41","guid":{"rendered":"https:\/\/miminhosritacatita.com\/?post_type=product&#038;p=16137"},"modified":"2025-11-20T13:08:00","modified_gmt":"2025-11-20T13:08:00","slug":"cerimonia-areias-casamento-noivos","status":"publish","type":"product","link":"https:\/\/miminhosritacatita.com\/fr\/casamento\/acessorios-para-noiva\/cerimonias-simbolicas\/cerimonia-areias-casamento-noivos\/","title":{"rendered":"Cerim\u00f3nia Areias Casamento Noivos"},"content":{"rendered":"<h1>Cerim\u00f3nia Areias Casamento Noivos<\/h1>\n<p>Cerim\u00f3nia Areias Casamento Noivos<\/p>\n<p>Dizem que o segredo est\u00e1 nos detalhes\u2026 E n\u00f3s acreditamos! Na nossa loja os acess\u00f3rios s\u00e3o dos nossos detalhes favoritos.<\/p>\n<p>Dos Robes \u00e0s Caixa Acess\u00f3rios\u2026 Quais ser\u00e3o os seus <strong>preferidos<\/strong>? Pense!, porque \u00e9 aqui que o estilo pessoal vai brilhar!<\/p>\n<p>Feitos com amor, os acess\u00f3rios s\u00e3o feita para cada cliente, ideia que resulta dos detalhes da sua hist\u00f3ria. Por isso, vamos j\u00e1 conta-la como ela \u00e9, pelas suas palavras.<\/p>\n<h2>A Cerim\u00f3nia Areias Casamento Noivos<\/h2>\n<p>Temos, na nossa loja, v\u00e1rias Caixas, para v\u00e1rios pre\u00e7os e gostos, mantendo sempre a promessa de qualidade.<\/p>\n<p>Nous comprenons que le m\u00e9rite du <b>Mariage<\/b> Et c'est \u00e0 vous, mais la mission est la n\u00f4tre. Et, pour cela, nous cr\u00e9ons des produits adapt\u00e9s aux go\u00fbts de chaque client, en respectant toujours la qualit\u00e9, la perfection et le bon go\u00fbt.<\/p>\n<p>Ainsi, trouvez dans la Boutique en Ligne la r\u00e9ponse \u00e0 tous les d\u00e9tails qui rendront votre f\u00eate unique.<\/p>\n<p>Nous louons \u00e9galement des voitures pour le transport des mari\u00e9s. Pour conna\u00eetre le prix, contactez-nous en nous indiquant la date de l'\u00e9v\u00e9nement \/ l'adresse de prise en charge \/ l'adresse de l'\u00e9glise \/ et le lieu du mariage.<\/p>\n<p>Portanto, temos tamb\u00e9m:<\/p>\n<ul>\n<li>Placards<\/li>\n<li>Bo\u00eetes d'enveloppes<\/li>\n<li>Marqueurs de Table<\/li>\n<li>Menus et paniers.<\/li>\n<\/ul>\n<p>Assim, temos ainda para alugar um insufl\u00e1vel e um escorrega. Portanto, pe\u00e7a a Cerim\u00f3nia das areias e diga-nos em que dia ser\u00e1 o evento e se o deseja levantar em loja ou se pretende que nos desloquemos ao local do evento para a montagem.<\/p>\n<p>Por isso, temos tamb\u00e9m Ramos de Noiva Artificiais \/ e Ramos de Solteiras \/ e Caixas de Envelopes. Assim como, Ofertas a Pais e Padrinhos \/ e Argolas de Guardanapos\/ e Ementas.<\/p>\n<p><strong>Voir aussi : <a href=\"https:\/\/miminhosritacatita.com\/fr\/produit\/agenda-de-la-mariee\/\">Agenda de la mari\u00e9e<\/a><\/strong><\/p>\n<p>Suivez-nous sur <a href=\"https:\/\/www.instagram.com\/miminhos.rita.catita\/\" target=\"_blank\" rel=\"noopener\">Instagram<\/a><\/p>\n<p>&nbsp;<\/p>","protected":false},"excerpt":{"rendered":"<p>Cerim\u00f3nia Areias Casamento Noivos com possibilidade de escolher a cor do la\u00e7o:<\/p>\n<p>3 Frascos de Vidro com fitas e etiquetas personalizadas<\/p>\n<p>Cor da fita da Imagem: Cinza<\/p>\n<p>Indique nas &#8220;notas&#8221; quais as iniciais pretendidas<\/p>\n<p>&nbsp;<\/p>\n<p>&nbsp;<\/p>\n<p>&nbsp;<\/p>\n<p>&nbsp;<\/p>\n<p>&nbsp;<\/p>\n<p>&nbsp;<\/p>\n<p>&nbsp;<\/p>","protected":false},"featured_media":36826,"template":"","meta":[],"product_brand":[],"product_cat":[1181],"product_tag":[],"class_list":{"0":"post-16137","1":"product","2":"type-product","3":"status-publish","4":"has-post-thumbnail","6":"product_cat-cerimonias-simbolicas","8":"first","9":"instock","10":"taxable","11":"shipping-taxable","12":"purchasable","13":"product-type-variable"},"_links":{"self":[{"href":"https:\/\/miminhosritacatita.com\/fr\/wp-json\/wp\/v2\/product\/16137","targetHints":{"allow":["GET"]}}],"collection":[{"href":"https:\/\/miminhosritacatita.com\/fr\/wp-json\/wp\/v2\/product"}],"about":[{"href":"https:\/\/miminhosritacatita.com\/fr\/wp-json\/wp\/v2\/types\/product"}],"wp:featuredmedia":[{"embeddable":true,"href":"https:\/\/miminhosritacatita.com\/fr\/wp-json\/wp\/v2\/media\/36826"}],"wp:attachment":[{"href":"https:\/\/miminhosritacatita.com\/fr\/wp-json\/wp\/v2\/media?parent=16137"}],"wp:term":[{"taxonomy":"product_brand","embeddable":true,"href":"https:\/\/miminhosritacatita.com\/fr\/wp-json\/wp\/v2\/product_brand?post=16137"},{"taxonomy":"product_cat","embeddable":true,"href":"https:\/\/miminhosritacatita.com\/fr\/wp-json\/wp\/v2\/product_cat?post=16137"},{"taxonomy":"product_tag","embeddable":true,"href":"https:\/\/miminhosritacatita.com\/fr\/wp-json\/wp\/v2\/product_tag?post=16137"}],"curies":[{"name":"wp","href":"https:\/\/api.w.org\/{rel}","templated":true}]}}