{"id":9497,"date":"2019-11-21T14:29:33","date_gmt":"2019-11-21T14:29:33","guid":{"rendered":"https:\/\/miminhosritacatita.com\/?post_type=product&#038;p=9497"},"modified":"2025-01-30T12:57:56","modified_gmt":"2025-01-30T12:57:56","slug":"convite-comunion-original-diferente","status":"publish","type":"product","link":"https:\/\/miminhosritacatita.com\/es\/comunhao\/convites-de-comunhao\/convite-comunhao-original-diferente\/","title":{"rendered":"Invitaci\u00f3n Comuni\u00f3n Original Diferente"},"content":{"rendered":"<h1>Invitaci\u00f3n Comuni\u00f3n Original Diferente<\/h1>\n<p>Invitaci\u00f3n Comuni\u00f3n Original Diferente<\/p>\n<p>La Comuni\u00f3n es uno de los pasos m\u00e1s importantes en nuestra historia, y este nos parece motivo suficiente para celebrar. \u00bfEst\u00e1 de acuerdo? Por eso, le preguntamos: \u00bfc\u00f3mo son sus invitaciones de comuni\u00f3n? \u00a1Cu\u00e9ntenos! En Miminhos Rita Catita estamos verdaderamente interesados en saber: porque nuestra misi\u00f3n es hacer su sue\u00f1o realidad.<\/p>\n<p>La fiesta es tuya, pero el compromiso es nuestro. Por eso, a la singularidad de cada pedido, nos dedicamos apasionadamente. Desarrollamos una Invitaci\u00f3n de Comuni\u00f3n ajustada a las necesidades de cada cliente, cumpliendo siempre con la promesa de calidad, excelencia y profesionalismo.<\/p>\n<p>Nuestras creaciones son el resultado de una combinaci\u00f3n inspirada en los detalles que hacen cada historia especial y \u00fanica, por lo que trabajamos para mantener siempre el cambio y la innovaci\u00f3n.<\/p>\n<p>Las fiestas son celebraciones que hacemos por los pasos dados hacia los hitos m\u00e1s importantes de nuestra historia, porque todos tenemos uno. Y, en Miminhos Rita Catita, sospechamos que la invitaci\u00f3n para comuni\u00f3n verde con lazo<strong>\u00a0<\/strong>es una buena excusa para (nos) contar la suya!<\/p>\n<h2>Nuestra Invitaci\u00f3n Comuni\u00f3n Original Diferente<\/h2>\n<p>Hecho con amor, nuestros <strong>Invitaciones de Comuni\u00f3n <\/strong>son especialmente desarrollados para cada cliente \u2013 una inspiraci\u00f3n que resulta de los detalles de cada historia. \u00bfCu\u00e1l es la tuya?<\/p>\n<p>Disponemos de <strong>Invitaciones de Comuni\u00f3n<\/strong> de todas las formas, colores, materiales y estilos, para todos los precios, cumpliendo siempre la promesa de calidad, excelencia y profesionalismo. Adem\u00e1s, nuestras Invitaci\u00f3n Comuni\u00f3n Verde Lazo<strong>\u00a0<\/strong>son producidos internamente, lo que nos da control total sobre los plazos de producci\u00f3n.<\/p>\n<p>As\u00ed, elija el color de papel que m\u00e1s le agrada y nosotros nos encargamos del resto, as\u00ed, \u00a1deje estos detalles de su comuni\u00f3n en manos de profesionales como nosotros!<\/p>\n<ul>\n<li>Por lo tanto, encuentre en la tienda en l\u00ednea de Miminhos Rita Catita la respuesta para todos los detalles que har\u00e1n que su fiesta de Comuni\u00f3n sea \u00fanica: Invitaci\u00f3n de comuni\u00f3n, Recuerdos, Libros de honor, Paneles, Men\u00fas. Pero tambi\u00e9n, Marcadores de mesa, Cestas de recuerdos y Adornos para pasteles. As\u00ed como, invitaciones y recuerdos especiales para Padrinos, Abuelos y Catequistas.<\/li>\n<\/ul>\n<p><strong>Ver tambi\u00e9n<a href=\"https:\/\/miminhosritacatita.com\/es\/product-category\/comunhoes\/lembrancas-de-comunhao\/\"> Recuerdos de Comuni\u00f3n<\/a><\/strong><\/p>\n<p><strong>S\u00edguenos en<a href=\"https:\/\/www.instagram.com\/miminhos.rita.catita\/\" target=\"_blank\" rel=\"noopener\"> Instagram<\/a><\/strong><\/p>","protected":false},"excerpt":{"rendered":"<p><span class=\"text_exposed_show\">Invitaci\u00f3n Comuni\u00f3n Original Diferente<\/span><\/p>\n<p><span class=\"text_exposed_show\">Dimensiones: 14 x 14cm<br \/>\n<\/span><\/p>\n<p>Papel Interior \u2013 250gr \u2013 Blanco Mate<\/p>\n<p>Papel \u2013 250gr \u2013 Blanco Mate<\/p>\n<p>Color de la Cinta: Rosa Dorado<\/p>\n<p>&nbsp;<\/p>","protected":false},"featured_media":42736,"template":"","meta":[],"product_brand":[],"product_cat":[1027],"product_tag":[],"class_list":{"0":"post-9497","1":"product","2":"type-product","3":"status-publish","4":"has-post-thumbnail","6":"product_cat-convites-de-comunhao","8":"first","9":"instock","10":"taxable","11":"shipping-taxable","12":"purchasable","13":"product-type-simple"},"_links":{"self":[{"href":"https:\/\/miminhosritacatita.com\/es\/wp-json\/wp\/v2\/product\/9497","targetHints":{"allow":["GET"]}}],"collection":[{"href":"https:\/\/miminhosritacatita.com\/es\/wp-json\/wp\/v2\/product"}],"about":[{"href":"https:\/\/miminhosritacatita.com\/es\/wp-json\/wp\/v2\/types\/product"}],"wp:featuredmedia":[{"embeddable":true,"href":"https:\/\/miminhosritacatita.com\/es\/wp-json\/wp\/v2\/media\/42736"}],"wp:attachment":[{"href":"https:\/\/miminhosritacatita.com\/es\/wp-json\/wp\/v2\/media?parent=9497"}],"wp:term":[{"taxonomy":"product_brand","embeddable":true,"href":"https:\/\/miminhosritacatita.com\/es\/wp-json\/wp\/v2\/product_brand?post=9497"},{"taxonomy":"product_cat","embeddable":true,"href":"https:\/\/miminhosritacatita.com\/es\/wp-json\/wp\/v2\/product_cat?post=9497"},{"taxonomy":"product_tag","embeddable":true,"href":"https:\/\/miminhosritacatita.com\/es\/wp-json\/wp\/v2\/product_tag?post=9497"}],"curies":[{"name":"wp","href":"https:\/\/api.w.org\/{rel}","templated":true}]}}