{"id":43967,"date":"2024-02-02T17:26:24","date_gmt":"2024-02-02T17:26:24","guid":{"rendered":"https:\/\/miminhosritacatita.com\/?post_type=product&#038;p=43967"},"modified":"2026-03-27T09:46:07","modified_gmt":"2026-03-27T09:46:07","slug":"agenda-gravida-original-standard","status":"publish","type":"product","link":"https:\/\/miminhosritacatita.com\/es\/agendas\/agenda-da-gravida\/agenda-gravida-original-standard\/","title":{"rendered":"Agenda Gr\u00e1vida Original Standard"},"content":{"rendered":"<h1>Agenda Gr\u00e1vida Original Standard<\/h1>\n<p>Agenda Gr\u00e1vida Original Standard<\/p>\n<p>Estamos sempre presentes nos momentos mais importantes da sua vida. E como n\u00e3o podia deixar de ser, queremos tamb\u00e9m estar presentes nesta que \u00e9 mais desafiante etapa da sua vida!!!<\/p>\n<p>A gravidez \u00e9 uma altura cheia em d\u00favidas, ansiedades e muitas preocupa\u00e7\u00f5es e a agenda e di\u00e1rio da gravidez est\u00e1 aqui para ajudar neste processo. Afinal, os meses que se seguem s\u00e3o momentos intensos, cheios de mudan\u00e7as que se sucedem a um ritmo muito r\u00e1pido.<\/p>\n<p>As\u00ed, desde la toma de la decisi\u00f3n en pareja, pasando por la concepci\u00f3n, los nueve meses de embarazo, que nunca se repetir\u00e1n, hasta el esperado momento del parto, hay un mundo de preguntas que responder y registrar en este diario del embarazo.<\/p>\n<h2>Agenda Gr\u00e1vida Original Standard<\/h2>\n<p>Portanto, mais do que uma Agenda da Gr\u00e1vida \/ Di\u00e1rio da Gravidez, com uma escrita leve, este \u00e9 o guia que a\/o vai ajudar a viver a maternidade \/ paternidade com mais calma.<\/p>\n<p>Pero hemos creado el Diario del Embarazo pensando en ti, donde podr\u00e1s planificar todo tu embarazo \/ parto \/ primer a\u00f1o del beb\u00e9.<\/p>\n<p>De este modo, en un \u00fanico objeto podr\u00e1s organizar \/ responder preguntas \/ guardar recuerdos y \u00a1contar todos los cambios y nuevas aventuras!<\/p>\n<p>A Agenda Gr\u00e1vida Original cont\u00e9m:<\/p>\n<ul>\n<li>Consejos pr\u00e1cticos sobre el embarazo, el parto y el reci\u00e9n nacido<\/li>\n<li>Recetas y consejos para comer durante el embarazo<\/li>\n<li>Referencias mes a mes sobre cambios corporales \/ cuidados \/ consejos para cada etapa del embarazo<\/li>\n<\/ul>\n<p>Adem\u00e1s, consejos sobre el ba\u00f1o y la higiene del beb\u00e9 \/ Espacio para pegar tus ecograf\u00edas<br \/>\nChecklist para mala de maternidade do beb\u00e9 e da mam\u00e3<br \/>\nEspacio para fotos de los momentos m\u00e1s importantes y para notas y mensajes para el beb\u00e9<\/p>\n<p>A Agenda Gr\u00e1vida Original\u00a0 \/ Di\u00e1rio da Gravidez tem 127 p\u00e1ginas<br \/>\nDiario del embarazo con vista semanal<br \/>\nTapa dura \/ Encuadernaci\u00f3n en espiral<br \/>\nTama\u00f1o A5<\/p>\n<p><strong>Ver tambi\u00e9n <\/strong><a href=\"https:\/\/miminhosritacatita.com\/es\/product-category\/batizados\/\">Bautizado<\/a><\/p>\n<p><strong>Visita el nuestro <a href=\"https:\/\/www.instagram.com\/miminhos.rita.catita\/\" target=\"_blank\" rel=\"noopener\">Instagram<\/a><\/strong><\/p>\n<p>&nbsp;<\/p>","protected":false},"excerpt":{"rendered":"<p>Agenda Gr\u00e1vida Original Standard \/ Di\u00e1rio da Gravidez<\/p>\n<div>\n<div>\n<ul>\n<li>127 p\u00e1ginas<\/li>\n<li>Agenda semanal de 9 meses (sin fecha)<\/li>\n<li>Tapa dura \/ Encuadernaci\u00f3n en espiral<\/li>\n<li>Tama\u00f1o A5<\/li>\n<\/ul>\n<\/div>\n<\/div>","protected":false},"featured_media":43976,"template":"","meta":[],"product_brand":[],"product_cat":[1096,1154,1001],"product_tag":[],"class_list":{"0":"post-43967","1":"product","2":"type-product","3":"status-publish","4":"has-post-thumbnail","6":"product_cat-agendas","7":"product_cat-agenda-da-gravida","8":"product_cat-prendas-para-bebe","10":"first","11":"instock","12":"taxable","13":"shipping-taxable","14":"purchasable","15":"product-type-simple"},"_links":{"self":[{"href":"https:\/\/miminhosritacatita.com\/es\/wp-json\/wp\/v2\/product\/43967","targetHints":{"allow":["GET"]}}],"collection":[{"href":"https:\/\/miminhosritacatita.com\/es\/wp-json\/wp\/v2\/product"}],"about":[{"href":"https:\/\/miminhosritacatita.com\/es\/wp-json\/wp\/v2\/types\/product"}],"wp:featuredmedia":[{"embeddable":true,"href":"https:\/\/miminhosritacatita.com\/es\/wp-json\/wp\/v2\/media\/43976"}],"wp:attachment":[{"href":"https:\/\/miminhosritacatita.com\/es\/wp-json\/wp\/v2\/media?parent=43967"}],"wp:term":[{"taxonomy":"product_brand","embeddable":true,"href":"https:\/\/miminhosritacatita.com\/es\/wp-json\/wp\/v2\/product_brand?post=43967"},{"taxonomy":"product_cat","embeddable":true,"href":"https:\/\/miminhosritacatita.com\/es\/wp-json\/wp\/v2\/product_cat?post=43967"},{"taxonomy":"product_tag","embeddable":true,"href":"https:\/\/miminhosritacatita.com\/es\/wp-json\/wp\/v2\/product_tag?post=43967"}],"curies":[{"name":"wp","href":"https:\/\/api.w.org\/{rel}","templated":true}]}}