{"id":43967,"date":"2024-02-02T17:26:24","date_gmt":"2024-02-02T17:26:24","guid":{"rendered":"https:\/\/miminhosritacatita.com\/?post_type=product&#038;p=43967"},"modified":"2026-03-27T09:46:07","modified_gmt":"2026-03-27T09:46:07","slug":"agenda-gravida-original-standard","status":"publish","type":"product","link":"https:\/\/miminhosritacatita.com\/de\/agendas\/agenda-da-gravida\/agenda-gravida-original-standard\/","title":{"rendered":"Agenda Gr\u00e1vida Original Standard"},"content":{"rendered":"<h1>Agenda Gr\u00e1vida Original Standard<\/h1>\n<p>Agenda Gr\u00e1vida Original Standard<\/p>\n<p>Estamos sempre presentes nos momentos mais importantes da sua vida. E como n\u00e3o podia deixar de ser, queremos tamb\u00e9m estar presentes nesta que \u00e9 mais desafiante etapa da sua vida!!!<\/p>\n<p>A gravidez \u00e9 uma altura cheia em d\u00favidas, ansiedades e muitas preocupa\u00e7\u00f5es e a agenda e di\u00e1rio da gravidez est\u00e1 aqui para ajudar neste processo. Afinal, os meses que se seguem s\u00e3o momentos intensos, cheios de mudan\u00e7as que se sucedem a um ritmo muito r\u00e1pido.<\/p>\n<p>Assim, da tomada de decis\u00e3o a dois, \u00e0 conce\u00e7\u00e3o, dos noves meses, que n\u00e3o se repetir\u00e3o, de gesta\u00e7\u00e3o, ao momento t\u00e3o aguardado que \u00e9 parto, h\u00e1 um mundo de quest\u00f5es por responder e registar neste di\u00e1rio de gravidez.<\/p>\n<h2>Agenda Gr\u00e1vida Original Standard<\/h2>\n<p>Portanto, mais do que uma Agenda da Gr\u00e1vida \/ Di\u00e1rio da Gravidez, com uma escrita leve, este \u00e9 o guia que a\/o vai ajudar a viver a maternidade \/ paternidade com mais calma.<\/p>\n<p>Por\u00e9m, criamos a Agenda da gr\u00e1vida \/ Di\u00e1rio da Gravidez a pensar em si, nela pode planear toda a gravidez \/ nascimento \/ o primeiro aninho do beb\u00e9.<\/p>\n<p>Assim, num \u00fanico objeto pode organizar \/ tirar d\u00favidas \/ guardar recorda\u00e7\u00f5es e contar todas as mudan\u00e7as e novas aventuras!<\/p>\n<p>A Agenda Gr\u00e1vida Original cont\u00e9m:<\/p>\n<ul>\n<li>Dicas pr\u00e1ticas sobre a gravidez, parto e rec\u00e9m-nascido<\/li>\n<li>Receitas e dicas sobre como se alimentar na gravidez<\/li>\n<li>Referencias m\u00eas a m\u00eas sobre as mudan\u00e7as no corpo \/ cuidados a ter \/ dicas para cada estado da gesta\u00e7\u00e3o<\/li>\n<\/ul>\n<p>Ainda mais, dicas sobre o banho e higiene do beb\u00e9 \/ Espa\u00e7o para colar as suas ecografias<br \/>\nChecklist para mala de maternidade do beb\u00e9 e da mam\u00e3<br \/>\nEspa\u00e7o para colocar fotos dos momentos mais importantes e para anota\u00e7\u00f5es e mensagens ao beb\u00e9<\/p>\n<p>A Agenda Gr\u00e1vida Original\u00a0 \/ Di\u00e1rio da Gravidez tem 127 p\u00e1ginas<br \/>\nAgenda Gr\u00e1vida com vista semanal<br \/>\nCapa Dura \/ Encaderna\u00e7\u00e3o em Espiral<br \/>\nTamanho A5<\/p>\n<p><strong>Siehe auch: <\/strong><a href=\"https:\/\/miminhosritacatita.com\/de\/product-category\/batizados\/\">Kindstaufe<\/a><\/p>\n<p><strong>Besuchen Sie unser <a href=\"https:\/\/www.instagram.com\/miminhos.rita.catita\/\" target=\"_blank\" rel=\"noopener\">Instagram<\/a><\/strong><\/p>\n<p>&nbsp;<\/p>","protected":false},"excerpt":{"rendered":"<p>Agenda Gr\u00e1vida Original Standard \/ Di\u00e1rio da Gravidez<\/p>\n<div>\n<div>\n<ul>\n<li>127 p\u00e1ginas<\/li>\n<li>Agenda com vista semanal para 9 meses (n\u00e3o datada)<\/li>\n<li>Capa Dura \/ Encaderna\u00e7\u00e3o em Espiral<\/li>\n<li>Tamanho A5<\/li>\n<\/ul>\n<\/div>\n<\/div>","protected":false},"featured_media":43976,"template":"","meta":[],"product_brand":[],"product_cat":[1096,1154,1001],"product_tag":[],"class_list":{"0":"post-43967","1":"product","2":"type-product","3":"status-publish","4":"has-post-thumbnail","6":"product_cat-agendas","7":"product_cat-agenda-da-gravida","8":"product_cat-prendas-para-bebe","10":"first","11":"instock","12":"taxable","13":"shipping-taxable","14":"purchasable","15":"product-type-simple"},"_links":{"self":[{"href":"https:\/\/miminhosritacatita.com\/de\/wp-json\/wp\/v2\/product\/43967","targetHints":{"allow":["GET"]}}],"collection":[{"href":"https:\/\/miminhosritacatita.com\/de\/wp-json\/wp\/v2\/product"}],"about":[{"href":"https:\/\/miminhosritacatita.com\/de\/wp-json\/wp\/v2\/types\/product"}],"wp:featuredmedia":[{"embeddable":true,"href":"https:\/\/miminhosritacatita.com\/de\/wp-json\/wp\/v2\/media\/43976"}],"wp:attachment":[{"href":"https:\/\/miminhosritacatita.com\/de\/wp-json\/wp\/v2\/media?parent=43967"}],"wp:term":[{"taxonomy":"product_brand","embeddable":true,"href":"https:\/\/miminhosritacatita.com\/de\/wp-json\/wp\/v2\/product_brand?post=43967"},{"taxonomy":"product_cat","embeddable":true,"href":"https:\/\/miminhosritacatita.com\/de\/wp-json\/wp\/v2\/product_cat?post=43967"},{"taxonomy":"product_tag","embeddable":true,"href":"https:\/\/miminhosritacatita.com\/de\/wp-json\/wp\/v2\/product_tag?post=43967"}],"curies":[{"name":"wp","href":"https:\/\/api.w.org\/{rel}","templated":true}]}}