{"id":19761,"date":"2021-05-14T15:18:24","date_gmt":"2021-05-14T15:18:24","guid":{"rendered":"https:\/\/miminhosritacatita.com\/?post_type=product&#038;p=19761"},"modified":"2025-01-21T14:56:57","modified_gmt":"2025-01-21T14:56:57","slug":"porta-aliancas-coracao-acrilico","status":"publish","type":"product","link":"https:\/\/miminhosritacatita.com\/de\/casamento\/porta-aliancas\/porta-aliancas-coracao-acrilico\/","title":{"rendered":"Porta Alian\u00e7as Cora\u00e7\u00e3o Acr\u00edlico"},"content":{"rendered":"<h1>Porta Alian\u00e7as Cora\u00e7\u00e3o Acr\u00edlico<\/h1>\n<p>Porta Alian\u00e7as Cora\u00e7\u00e3o Acr\u00edlico<\/p>\n<p>Man sagt, das Geheimnis liege im Detail\u2026 Und wir glauben daran! In unserem Gesch\u00e4ft geh\u00f6ren die Ringtr\u00e4ger zu unseren Lieblingsdetails.<\/p>\n<p>Von den Morgenm\u00e4nteln bis zu den Strumpfhaltern \u2026 Wie wird Ihrer aussehen? \u00dcberlegen Sie es sich gut, denn hier kommt Ihr pers\u00f6nlicher Stil voll zur Geltung!<\/p>\n<p>Feitos com amor, o nosso Porta Alian\u00e7as Cora\u00e7\u00e3o Acr\u00edlico \u00e9 feito para cada cliente, ideia que resulta dos detalhes da sua hist\u00f3ria. Por isso, vamos j\u00e1 conta-la como ela \u00e9, pelas suas palavras.<\/p>\n<p>In unserem Gesch\u00e4ft f\u00fchren wir verschiedene Ringtr\u00e4ger in verschiedenen Preisklassen und f\u00fcr jeden Geschmack, wobei wir stets unser Qualit\u00e4tsversprechen einhalten.<\/p>\n<h2>O Porta Alian\u00e7as Cora\u00e7\u00e3o Acr\u00edlico<\/h2>\n<p>Wir glauben, dass der Verdienst f\u00fcr <b>Hochzeit<\/b> geh\u00f6rt Ihnen, aber die Mission ist unsere. Deshalb kreieren wir Produkte, die auf den Geschmack jedes einzelnen Kunden zugeschnitten sind, wobei wir stets auf Qualit\u00e4t, Perfektion und guten Geschmack achten.<\/p>\n<p>Finden Sie also die Antwort auf alle Details, die Ihre Party einzigartig machen, im Online Shop.<\/p>\n<p>Tamb\u00e9m alugamos carros para o transporte dos noivos. Para saber o pre\u00e7o contacte-nos e informe a data do Evento \/ a morada de recolha \/ a da Igreja \/ e a do local da boda. Porta Alian\u00e7as Cora\u00e7\u00e3o Acr\u00edlico<\/p>\n<p>Wir haben auch eine H\u00fcpfburg und eine Rutsche zu vermieten. Fordern Sie ein Angebot an und geben Sie dabei den Tag der Veranstaltung an und ob Sie die H\u00fcpfburg im Gesch\u00e4ft abholen m\u00f6chten oder ob wir sie am Veranstaltungsort auf- und abbauen sollen.<\/p>\n<ul>\n<li>Encontre aqui a resposta para todos os detalhes que far\u00e3o o seu Casamento \u00fanico. Dos quais Convites \/ Base de Alian\u00e7as \/ Livros de Honra \/ Lembran\u00e7as. Mas tamb\u00e9m, as Cestas de Lembran\u00e7as \/ e os Photo Booth \/ e os Cabides. Assim como Flutes \/ e Talheres \/ e os Bal\u00f5es \/ e os Sparklers \/ e Placas para casamento.<\/li>\n<\/ul>\n<p>Wir haben auch k\u00fcnstliche Brautstr\u00e4u\u00dfe \/ und Junggesellinnenstr\u00e4u\u00dfe \/ und Umschlagboxen. Und wir haben auch Geschenke f\u00fcr V\u00e4ter und Paten \/ und Serviettenringe \/ und Men\u00fcs.<\/p>\n<p><strong>Siehe auch: <a href=\"https:\/\/miminhosritacatita.com\/de\/product\/terminkalender-der-braut\/\">Braut-Agenda<\/a><\/strong><\/p>\n<p><strong>Folgen Sie uns auf <a href=\"https:\/\/www.instagram.com\/miminhos.rita.catita\/\" target=\"_blank\" rel=\"noopener\">Instagram<\/a><\/strong><\/p>\n<p>&nbsp;<\/p>","protected":false},"excerpt":{"rendered":"<p>Eheringhalter<\/p>\n<p>Material: Acr\u00edlicos sobrepostos 3mm cada<\/p>\n<p>Dimens\u00e3o: 14x12cm<\/p>\n<p>Para altera\u00e7\u00e3o aos acr\u00edlicos e flores, indicar o que deseja nas notas<\/p>\n<p>Eine hervorragende Idee, um Ihre Hochzeit noch unvergesslicher und einzigartiger zu machen!<\/p>\n<p>&nbsp;<\/p>","protected":false},"featured_media":30226,"template":"","meta":[],"product_brand":[],"product_cat":[481],"product_tag":[],"class_list":["post-19761","product","type-product","status-publish","has-post-thumbnail","product_cat-porta-aliancas","first","instock","taxable","shipping-taxable","purchasable","product-type-simple"],"_links":{"self":[{"href":"https:\/\/miminhosritacatita.com\/de\/wp-json\/wp\/v2\/product\/19761","targetHints":{"allow":["GET"]}}],"collection":[{"href":"https:\/\/miminhosritacatita.com\/de\/wp-json\/wp\/v2\/product"}],"about":[{"href":"https:\/\/miminhosritacatita.com\/de\/wp-json\/wp\/v2\/types\/product"}],"wp:featuredmedia":[{"embeddable":true,"href":"https:\/\/miminhosritacatita.com\/de\/wp-json\/wp\/v2\/media\/30226"}],"wp:attachment":[{"href":"https:\/\/miminhosritacatita.com\/de\/wp-json\/wp\/v2\/media?parent=19761"}],"wp:term":[{"taxonomy":"product_brand","embeddable":true,"href":"https:\/\/miminhosritacatita.com\/de\/wp-json\/wp\/v2\/product_brand?post=19761"},{"taxonomy":"product_cat","embeddable":true,"href":"https:\/\/miminhosritacatita.com\/de\/wp-json\/wp\/v2\/product_cat?post=19761"},{"taxonomy":"product_tag","embeddable":true,"href":"https:\/\/miminhosritacatita.com\/de\/wp-json\/wp\/v2\/product_tag?post=19761"}],"curies":[{"name":"wp","href":"https:\/\/api.w.org\/{rel}","templated":true}]}}